{"id":366,"date":"2024-02-05T13:00:15","date_gmt":"2024-02-05T12:00:15","guid":{"rendered":"https:\/\/aurelie-simon-psychologue.fr\/?page_id=366"},"modified":"2025-04-08T10:10:53","modified_gmt":"2025-04-08T09:10:53","slug":"presentation-daurelie-simon","status":"publish","type":"page","link":"https:\/\/aurelie-simon-psychologue.fr\/?page_id=366","title":{"rendered":"Pr\u00e9sentation d&rsquo;Aur\u00e9lie Simon, psychologue clinicienne"},"content":{"rendered":"<div class=\"wp-block-image is-style-rounded\">\n<figure class=\"aligncenter size-large is-resized\"><img loading=\"lazy\" decoding=\"async\" width=\"852\" height=\"1024\" src=\"https:\/\/aurelie-simon-psychologue.fr\/wp-content\/uploads\/2024\/02\/Photo-de-profil-852x1024.jpg\" alt=\"Portrait d'Aur\u00e9lie Simon\" class=\"wp-image-482\" style=\"width:151px;height:auto\" srcset=\"https:\/\/aurelie-simon-psychologue.fr\/wp-content\/uploads\/2024\/02\/Photo-de-profil-852x1024.jpg 852w, https:\/\/aurelie-simon-psychologue.fr\/wp-content\/uploads\/2024\/02\/Photo-de-profil-250x300.jpg 250w, https:\/\/aurelie-simon-psychologue.fr\/wp-content\/uploads\/2024\/02\/Photo-de-profil-768x923.jpg 768w, https:\/\/aurelie-simon-psychologue.fr\/wp-content\/uploads\/2024\/02\/Photo-de-profil-1278x1536.jpg 1278w, https:\/\/aurelie-simon-psychologue.fr\/wp-content\/uploads\/2024\/02\/Photo-de-profil-1704x2048.jpg 1704w, https:\/\/aurelie-simon-psychologue.fr\/wp-content\/uploads\/2024\/02\/Photo-de-profil-1870x2247.jpg 1870w, https:\/\/aurelie-simon-psychologue.fr\/wp-content\/uploads\/2024\/02\/Photo-de-profil-400x481.jpg 400w, https:\/\/aurelie-simon-psychologue.fr\/wp-content\/uploads\/2024\/02\/Photo-de-profil-800x961.jpg 800w\" sizes=\"auto, (max-width: 852px) 100vw, 852px\" \/><\/figure>\n<\/div>\n\n\n<p class=\"has-black-color has-lightest-gray-background-color has-text-color has-background has-link-color wp-elements-56b6035b4ff5fa586b58d05309bc197b\" style=\"font-size:18px\"><strong>Psychologue clinicienne, psychoth\u00e9rapeute<\/strong>, \u00e0 Aix-en-Provence (C\u00e9lony), j&rsquo;ai \u00e0 c\u0153ur de rencontrer la personne en demande de soin dans sa singularit\u00e9. J&rsquo;accompagne principalement les adultes.<\/p>\n\n\n\n<p class=\"has-lightest-gray-background-color has-background\" style=\"font-size:18px\">A l&rsquo;\u00e9coute de la personne, et dans la bienveillance, je lui propose, un <strong>espace th\u00e9rapeutique<\/strong> pour : <\/p>\n\n\n\n<ul class=\"wp-block-list\">\n<li style=\"font-size:18px\">identifier ensemble la nature de ses difficult\u00e9s et\/ou de sa souffrance psychique ;<\/li>\n\n\n\n<li style=\"font-size:18px\">l&rsquo;accompagner, en cheminant \u00e0 son rythme, vers un mieux-\u00eatre (\u00e9motionnel, psychologique et relationnel).<\/li>\n<\/ul>\n\n\n\n<p class=\"has-lightest-gray-background-color has-background\" style=\"font-size:18px\">Mes <strong>objectifs<\/strong> sont de lui permettre de :<\/p>\n\n\n\n<ul class=\"wp-block-list\">\n<li style=\"font-size:18px\">lib\u00e9rer sa parole, dans une relation de confiance,<\/li>\n\n\n\n<li style=\"font-size:18px\">donner du sens \u00e0 ses difficult\u00e9s, son fonctionnement, son histoire,<\/li>\n\n\n\n<li style=\"font-size:18px\">mieux se conna\u00eetre et mieux comprendre ce qu&rsquo;elle vit,<\/li>\n\n\n\n<li style=\"font-size:18px\">faire \u00e9merger des ressources,<\/li>\n\n\n\n<li style=\"font-size:18px\">trouver en elle le moyen d&rsquo;att\u00e9nuer ou d\u00e9passer ses difficult\u00e9s et sa souffrance.<\/li>\n<\/ul>\n\n\n\n<p class=\"has-lightest-gray-background-color has-background\" style=\"font-size:18px\">Mes <strong>sp\u00e9cialisations<\/strong> sont :<\/p>\n\n\n\n<ul class=\"wp-block-list\">\n<li style=\"font-size:18px\">l&rsquo;<strong><a href=\"https:\/\/aurelie-simon-psychologue.fr\/?p=423\" target=\"_blank\" rel=\"noopener\" title=\"L\u2019approche th\u00e9rapeutique psychodynamique\"><mark style=\"background-color:#FFF\" class=\"has-inline-color\">approche th\u00e9rapeutique psychodynamique<\/mark><\/a><\/strong> (inspir\u00e9e de la psychanalyse), avec le bagage de la <strong>psychopathologie<\/strong> (\u00e9tudes des processus normaux et pathologiques de la vie psychique),<\/li>\n\n\n\n<li style=\"font-size:18px\">l&rsquo;accompagnement du <strong>deuil<\/strong>,<\/li>\n\n\n\n<li style=\"font-size:18px\">les m\u00e9diations th\u00e9rapeutiques (<strong>art-th\u00e9rapie, <a href=\"https:\/\/aurelie-simon-psychologue.fr\/?p=174\" title=\"Ateliers d\u2019\u00e9criture th\u00e9rapeutiques pour adultes \u00e0 Aix-en-Provence\"><mark style=\"background-color:#FFF\" class=\"has-inline-color\">\u00e9criture<\/mark><\/a>, <mark style=\"background-color:#FFF\" class=\"has-inline-color\">photo-expression<\/mark><\/strong>),<\/li>\n\n\n\n<li style=\"font-size:18px\">les groupes th\u00e9rapeutiques et les <strong>groupes de parole<\/strong>.<\/li>\n<\/ul>\n\n\n\n<p class=\"has-lightest-gray-background-color has-background\" style=\"font-size:18px\">Mon<strong> parcours professionnel <\/strong>et mes<strong> formations<\/strong> :<\/p>\n\n\n\n<p style=\"font-size:18px\">J\u2019ai accompagn\u00e9 une dizaine d\u2019ann\u00e9es des adultes en souffrance psychique dans une clinique psychiatrique (hospitalisation libre) et un h\u00f4pital de jour. J&rsquo;ai d\u2019abord exerc\u00e9 comme art-th\u00e9rapeute (<strong>formation \u00e0 l&rsquo;art-th\u00e9rapie<\/strong> en 2008), avant de devenir psychologue (<strong>dipl\u00f4me de master 2 de psychologie clinique et pathologique<\/strong> en 2017). <\/p>\n\n\n\n<p style=\"font-size:18px\">J&rsquo;ai ainsi d\u00e9velopp\u00e9 des comp\u00e9tences tant dans la prise en charge individuelle qu\u2019en groupe th\u00e9rapeutique (atelier d&rsquo;\u00e9criture, atelier modelage, atelier d&rsquo;art-th\u00e9rapie, groupe de parole utilisant la m\u00e9diation photolangage, groupe de parole \u00ab\u00a0sur le chemin du deuil\u00a0\u00bb).<\/p>\n\n\n\n<p style=\"font-size:18px\">J&rsquo;ai travaill\u00e9 ensuite dans des institutions g\u00e9riatriques de 2021 \u00e0 2024 (<strong>dipl\u00f4me universitaire de g\u00e9ronto-psychiatrie<\/strong> en 2022), ainsi que pour l&rsquo;Association France Alzheimer 04 en 2024. <\/p>\n\n\n\n<p style=\"font-size:18px\">Riche de ces exp\u00e9riences, j\u2019ai d\u00e9velopp\u00e9 ma pratique lib\u00e9rale d&rsquo;abord sur Avignon en 2018, puis sur Venelles en 2022, et \u00e0 C\u00e9lony (Aix-en-Provence) depuis d\u00e9but 2024.<\/p>\n\n\n\n<p class=\"has-lightest-gray-background-color has-background\" style=\"font-size:18px\"><strong>Inscription au r\u00e9pertoire national recensant les professionnels de sant\u00e9 r\u00e9glement\u00e9s <\/strong>: num\u00e9ro adeli : 139339311.<\/p>\n\n\n\n<div style=\"background:#fff;box-shadow:0px 1px 4px rgba(1, 53, 134, 0.16), 0px 0px 1px rgba(1, 53, 134, 0.1);border-radius:8px;padding:16px;font-size:14px;font-family:Roboto, sans-serif;width:fit-content\"><div style=\"display:flex;margin-bottom:16px;gap:16px\"><img decoding=\"async\" alt=\"\" src=\"\/\/media.doctolib.com\/image\/upload\/q_auto:eco,f_auto,dpr_2\/w_48,h_48,c_fill,g_face\/yuqkua5sb0fw6nfsp8mf\" style=\"border-radius:50%;width:48px;height:48px\"\/><div><div style=\"font-weight:bold;color:#107ACA;line-height:24px\">Mme Aur\u00e9lie SIMON<\/div><div style=\"display:flex;gap:4px;align-items:center;line-height:24px;color:#2B4660\"><svg width=\"16\" height=\"16\" viewBox=\"0 0 16 16\" fill=\"currentColor\" xmlns=\"http:\/\/www.w3.org\/2000\/svg\" aria-hidden=\"true\" focusable=\"false\" class=\"dl-icon dl-icon-xsmall\" data-icon-name=\"regular\/location-dot\" data-design-system=\"oxygen\" data-design-system-component=\"Icon\"><path d=\"M9.875 6.5A1.866 1.866 0 0 1 8 8.375 1.851 1.851 0 0 1 6.125 6.5c0-1.031.82-1.875 1.875-1.875A1.88 1.88 0 0 1 9.875 6.5ZM8 5.75a.755.755 0 0 0-.75.75c0 .422.328.75.75.75.398 0 .75-.328.75-.75A.771.771 0 0 0 8 5.75Zm4.5.75c0 2.063-2.742 5.695-3.96 7.219a.707.707 0 0 1-1.102 0C6.218 12.195 3.5 8.563 3.5 6.5 3.5 4.016 5.492 2 8 2c2.484 0 4.5 2.016 4.5 4.5ZM8 3.125A3.376 3.376 0 0 0 4.625 6.5c0 .305.094.75.352 1.36.234.562.585 1.218.984 1.874A35.858 35.858 0 0 0 8 12.594c.563-.75 1.336-1.781 2.016-2.86.398-.656.75-1.312.984-1.875.258-.609.375-1.054.375-1.359A3.391 3.391 0 0 0 8 3.125Z\"><\/path><\/svg>Aix-en-Provence<\/div><\/div><\/div><a href=\"https:\/\/www.doctolib.fr\/psychologue\/venelles\/aurelie-simon\/booking?utm_campaign=website-button&amp;utm_source=aurelie-simon-website-button&amp;utm_medium=referral&amp;utm_content=withpreview-white-inlined&amp;utm_term=aurelie-simon\" target=\"_blank\" style=\"display:flex;gap:8px;padding:8px 16px;height:40px;background:#107ACA;border-radius:8px;color:white;justify-content:center;align-items:center;font-weight:700;font-size:14px;text-transform:uppercase;text-decoration:none\" aria-label=\"Prendre rendez-vous Doctolib\" rel=\"noopener\"><svg xml:space=\"preserve\" width=\"16\" height=\"16\" viewBox=\"0 0 16 16\" fill=\"currentColor\" xmlns=\"http:\/\/www.w3.org\/2000\/svg\" enable-background=\"new 0 0 16 16\" x=\"0px\" y=\"0px\" aria-hidden=\"true\" focusable=\"false\" style=\"height:16px;width:16px\" class=\"dl-icon dl-icon-xsmall\" data-icon-name=\"regular\/doctolib-logo\" data-design-system=\"oxygen\" data-design-system-component=\"Icon\"><path d=\"M12.8 7.8c.3-1.6.3-4.8-4.8-5.3-1.3-.1-3.4.2-4.8.5v.1c0 .1.2.3.4.4.1.1.4 0 .5 0 4.6-.4 7.9.6 7.3 4-.3 1.9-1.6 4.4-5.1 4.4-.7 0-.8-.1-.7-.6 0-.1 1.1-5.9 1.2-6.5 0 0-.8-.2-1 .6 0 .2-1.9 7-2 7.4-.1.5.2.8 2.5.8 5.5-.1 6.3-4.8 6.5-5.8z\"><\/path><\/svg>Prendre rendez-vous<\/a><\/div>\n","protected":false},"excerpt":{"rendered":"<p>Psychologue clinicienne, psychoth\u00e9rapeute, \u00e0 Aix-en-Provence (C\u00e9lony), j&rsquo;ai \u00e0 c\u0153ur de rencontrer la personne en demande de soin dans sa singularit\u00e9. J&rsquo;accompagne principalement les adultes. A l&rsquo;\u00e9coute de la personne, et dans la bienveillance, je lui propose, un espace th\u00e9rapeutique pour : Mes objectifs sont de lui permettre de : Mes sp\u00e9cialisations sont : Mon parcours [&hellip;]<\/p>\n","protected":false},"author":1,"featured_media":0,"parent":0,"menu_order":0,"comment_status":"closed","ping_status":"closed","template":"","meta":{"om_disable_all_campaigns":false,"_monsterinsights_skip_tracking":false,"_monsterinsights_sitenote_active":false,"_monsterinsights_sitenote_note":"","_monsterinsights_sitenote_category":0,"_uf_show_specific_survey":0,"_uf_disable_surveys":false,"footnotes":""},"class_list":["post-366","page","type-page","status-publish","hentry","missing-thumbnail"],"aioseo_notices":[],"_links":{"self":[{"href":"https:\/\/aurelie-simon-psychologue.fr\/index.php?rest_route=\/wp\/v2\/pages\/366","targetHints":{"allow":["GET"]}}],"collection":[{"href":"https:\/\/aurelie-simon-psychologue.fr\/index.php?rest_route=\/wp\/v2\/pages"}],"about":[{"href":"https:\/\/aurelie-simon-psychologue.fr\/index.php?rest_route=\/wp\/v2\/types\/page"}],"author":[{"embeddable":true,"href":"https:\/\/aurelie-simon-psychologue.fr\/index.php?rest_route=\/wp\/v2\/users\/1"}],"replies":[{"embeddable":true,"href":"https:\/\/aurelie-simon-psychologue.fr\/index.php?rest_route=%2Fwp%2Fv2%2Fcomments&post=366"}],"version-history":[{"count":32,"href":"https:\/\/aurelie-simon-psychologue.fr\/index.php?rest_route=\/wp\/v2\/pages\/366\/revisions"}],"predecessor-version":[{"id":816,"href":"https:\/\/aurelie-simon-psychologue.fr\/index.php?rest_route=\/wp\/v2\/pages\/366\/revisions\/816"}],"wp:attachment":[{"href":"https:\/\/aurelie-simon-psychologue.fr\/index.php?rest_route=%2Fwp%2Fv2%2Fmedia&parent=366"}],"curies":[{"name":"wp","href":"https:\/\/api.w.org\/{rel}","templated":true}]}}